{"id":32,"date":"2023-08-02T09:00:20","date_gmt":"2023-08-02T09:00:20","guid":{"rendered":"https:\/\/kallik.webdev.is\/?page_id=32"},"modified":"2024-04-02T14:50:52","modified_gmt":"2024-04-02T14:50:52","slug":"skilmalar","status":"publish","type":"page","link":"https:\/\/kallik.is\/en\/skilmalar\/","title":{"rendered":"Skilm\u00e1lar"},"content":{"rendered":"<div data-elementor-type=\"wp-page\" data-elementor-id=\"32\" class=\"elementor elementor-32\" wpc-filter-elementor-widget=\"1\" data-elementor-post-type=\"page\">\n\t\t\t\t\t\t<section class=\"elementor-section elementor-top-section elementor-element elementor-element-4e8660ae elementor-section-boxed elementor-section-height-default elementor-section-height-default\" data-id=\"4e8660ae\" data-element_type=\"section\" data-e-type=\"section\" data-settings=\"{&quot;mdp_selection_sticky_effect_enable&quot;:false}\">\n\t\t\t\t\t\t<div class=\"elementor-container elementor-column-gap-default\">\n\t\t\t\t\t<div class=\"elementor-column elementor-col-100 elementor-top-column elementor-element elementor-element-3ab49ad2\" data-id=\"3ab49ad2\" data-element_type=\"column\" data-e-type=\"column\" data-settings=\"{&quot;mdp_selection_sticky_column_effect_enable&quot;:false}\">\n\t\t\t<div class=\"elementor-widget-wrap elementor-element-populated\">\n\t\t\t\t\t\t<div class=\"elementor-element elementor-element-3ffd6c9d elementor-widget elementor-widget-text-editor\" data-id=\"3ffd6c9d\" data-element_type=\"widget\" data-e-type=\"widget\" data-widget_type=\"text-editor.default\">\n\t\t\t\t<div class=\"elementor-widget-container\">\n\t\t\t\t\t\t\t\t\t<p><\/p>\n<ul>\n<li><strong>GILDI SKILM\u00c1LA<\/strong><\/li>\n<\/ul>\n<p>Skilm\u00e1lar \u00feessir eiga vi\u00f0 um s\u00f6lu \u00e1 v\u00f6rum og \u00fej\u00f3nustu fr\u00e1 Kalla K &#8211; Karl K. Karlsson \u00e1 heimas\u00ed\u00f0u \u00feess www.kallik.is til vi\u00f0skiptavina. Vi\u00f0skiptavinir undirgangast \u00feessa skilm\u00e1la vi\u00f0 notkun og kaup \u00e1 kallik.is.<\/p>\n<ul>\n<li><strong>ALDURSTAKMARK<\/strong><\/li>\n<\/ul>\n<p>\u00c1skili\u00f0 er a\u00f0 vi\u00f0skiptavinir hafi n\u00e1\u00f0 20 \u00e1ra aldri til \u00feess a\u00f0 geta versla\u00f0 \u00e1fengar v\u00f6rur \u00e1 kallik.is.<\/p>\n<p>Allir vi\u00f0skiptavinir \u00feurfa a\u00f0 skr\u00e1 sig inn \u00e1 kallik.is me\u00f0 netfangi og lykilor\u00f0i. \u00cd upphafi og s\u00ed\u00f0an vi\u00f0 hver vi\u00f0skipti skulu vi\u00f0skiptavinir au\u00f0kenna aldur sinn me\u00f0 rafr\u00e6num skilr\u00edkjum.<\/p>\n<p>Vi\u00f0skiptavinir bera \u00e1byrg\u00f0 \u00e1 a\u00f0 a\u00f0gangsau\u00f0kenni komist ekki \u00ed hendur annarra a\u00f0ila sem ekki hafa n\u00e1\u00f0 20 \u00e1ra aldri.<\/p>\n<ul>\n<li><strong>AFHENDING<\/strong><\/li>\n<\/ul>\n<p>V\u00f6rur kallik.is ver\u00f0a afgreiddar \u00far v\u00f6ruh\u00fasi \u00feess sama daga og p\u00f6ntun er ger\u00f0 e\u00f0a n\u00e6sta virka dag. N\u00e1nari uppl\u00fdsingar um afhendingar m\u00e1 finna \u00e1 heimas\u00ed\u00f0u kallak.is h\u00e9r.<\/p>\n<p>Sendingarkostna\u00f0ur b\u00e6tist vi\u00f0 ver\u00f0 hverrar p\u00f6ntunar \u00ed lok p\u00f6ntunarferlis og vi\u00f0 sta\u00f0festingu p\u00f6ntunar, \u00e1\u00f0ur en grei\u00f0sla er innt af hendi.<\/p>\n<p>Ef vara reynist ekki til \u00feegar h\u00fan er p\u00f6ntu\u00f0 og greidd \u00fe\u00e1 mun vi\u00f0skiptavini ver\u00f0a bo\u00f0in \u00f6nnur samb\u00e6rileg vera e\u00f0a endurgrei\u00f0sla, kj\u00f3si hann svo.<\/p>\n<ul>\n<li><strong>SKILAR\u00c9TTUR<\/strong><\/li>\n<\/ul>\n<p>Vi\u00f0skiptavinir hafa 14 daga frest til a\u00f0 falla fr\u00e1 kaupum \u00feegar versla\u00f0 er \u00ed gegnum kallak.is Skal tilkynning um a\u00f0 falla fr\u00e1 kaupum hafa borist kallak.is innan fj\u00f3rt\u00e1n daga fr\u00e1 \u00fev\u00ed a\u00f0 vi\u00f0skiptavinur t\u00f3k v\u00f6ru \u00ed s\u00edna v\u00f6rslu e\u00f0a vara er send fr\u00e1 kallak.is, en fellur ni\u00f0ur a\u00f0 \u00feeim t\u00edma li\u00f0num sbr. 16. og 17. gr. laga nr. 16\/2016 um neytendasamninga. Til a\u00f0 heimilt s\u00e9 a\u00f0 n\u00fdta skilar\u00e9tt \u00fearf vara a\u00f0 vera \u00ed upprunalegum pakkningum, \u00ed \u00f3a\u00f0finnanlegu \u00e1standi og sannanlega keypt hj\u00e1 kallak.is<\/p>\n<p>\u00c1kv\u00e6\u00f0i VI. kafla laga nr. 16\/2016 um neytendasamninga gilda a\u00f0 \u00f6\u00f0ru leyti um skilar\u00e9tt vi\u00f0skiptavina, \u00fe. \u00e1 m. um endursendingu og endurgrei\u00f0slu.<\/p>\n<p>M\u00f6gulegt er a\u00f0 semja s\u00e9rstaklega um skil vegna kaupa \u00e1 miklu magni vegna s\u00e9rstakra vi\u00f0bur\u00f0a, svosem veislna o.\u00fe.h. Um sl\u00edkt skal \u00e1vallt sami\u00f0 \u00e1\u00f0ur en kaup eru ger\u00f0 og er bent \u00e1 a\u00f0 hafa samband \u00e1 netfangi\u00f0\u00a0 <a href=\"mailto:kallik@kallik.is\">kallik@kallik.is<\/a> e\u00f0a \u00ed s\u00edma 540-9000.<\/p>\n<ul>\n<li><strong>VER\u00d0 OG VER\u00d0BREYTINGAR<\/strong><\/li>\n<\/ul>\n<p>\u00d6ll uppgefin ver\u00f0 eru \u00ed \u00edslenskum kr\u00f3num me\u00f0 vir\u00f0isaukaskatti, 11% e\u00f0a 24%.<\/p>\n<ul>\n<li>PERS\u00d3NUVERND<\/li>\n<\/ul>\n<p>Kallik.is \u00e1byrgist a\u00f0 fari\u00f0 s\u00e9 me\u00f0 allar uppl\u00fdsingar um vi\u00f0skiptavini sem tr\u00fana\u00f0arm\u00e1l. Kallik.is geymir ekki e\u00f0a me\u00f0h\u00f6ndlar uppl\u00fdsingar um grei\u00f0slukort sem fara fram \u00e1 s\u00e9rst\u00f6kum vefsv\u00e6\u00f0um \u00fear til b\u00e6rra grei\u00f0slu\u00fej\u00f3nustua\u00f0ila.<\/p>\n<ul>\n<li><strong>GREI\u00d0SLUM\u00d6GULEIKAR<\/strong><\/li>\n<\/ul>\n<p>Unnt er a\u00f0 grei\u00f0a me\u00f0 \u00f6llum helstu vi\u00f0urkenndu grei\u00f0slukortum, auk Netg\u00edr\u00f3.\u00a0<\/p>\n<ul>\n<li><strong>VARNAR\u00deING<\/strong><\/li>\n<\/ul>\n<p>R\u00edsi \u00e1greiningur vegna \u00feessara skilm\u00e1la skulu\u00a0 m\u00e1l vegna hans rekin fyrir H\u00e9ra\u00f0sd\u00f3mi Reykjav\u00edkur.<\/p>\n<ul>\n<li>KALLIK.IS<\/li>\n<\/ul>\n<p>Karl K. Karlsson \u2013 Bakkus ehf, Kt\u00a0 530303-2410, VSK n\u00famer 78896, A\u00f0setur:\u00a0 V\u00edkurhvarfi 1, 203 K\u00f3pavogur, S\u00edmi: 540 9000.<\/p>\n<p><\/p>\t\t\t\t\t\t\t\t<\/div>\n\t\t\t\t<\/div>\n\t\t\t\t\t<\/div>\n\t\t<\/div>\n\t\t\t\t\t<\/div>\n\t\t<\/section>\n\t\t\t\t<\/div>","protected":false},"excerpt":{"rendered":"<p>GILDI SKILM\u00c1LA Skilm\u00e1lar \u00feessir eiga vi\u00f0 um s\u00f6lu \u00e1 v\u00f6rum og \u00fej\u00f3nustu fr\u00e1 Kalla K &#8211; Karl K. Karlsson \u00e1 heimas\u00ed\u00f0u \u00feess www.kallik.is til vi\u00f0skiptavina. Vi\u00f0skiptavinir undirgangast \u00feessa skilm\u00e1la vi\u00f0 notkun og kaup \u00e1 kallik.is. ALDURSTAKMARK \u00c1skili\u00f0 er a\u00f0 vi\u00f0skiptavinir hafi n\u00e1\u00f0 20 \u00e1ra aldri til \u00feess a\u00f0 geta versla\u00f0 \u00e1fengar v\u00f6rur \u00e1 kallik.is. Allir [&hellip;]<\/p>\n","protected":false},"author":1,"featured_media":0,"parent":0,"menu_order":0,"comment_status":"closed","ping_status":"closed","template":"","meta":{"_acf_changed":false,"footnotes":""},"class_list":["post-32","page","type-page","status-publish","hentry"],"acf":[],"jetpack_sharing_enabled":true,"_links":{"self":[{"href":"https:\/\/kallik.is\/en\/wp-json\/wp\/v2\/pages\/32","targetHints":{"allow":["GET"]}}],"collection":[{"href":"https:\/\/kallik.is\/en\/wp-json\/wp\/v2\/pages"}],"about":[{"href":"https:\/\/kallik.is\/en\/wp-json\/wp\/v2\/types\/page"}],"author":[{"embeddable":true,"href":"https:\/\/kallik.is\/en\/wp-json\/wp\/v2\/users\/1"}],"replies":[{"embeddable":true,"href":"https:\/\/kallik.is\/en\/wp-json\/wp\/v2\/comments?post=32"}],"version-history":[{"count":20,"href":"https:\/\/kallik.is\/en\/wp-json\/wp\/v2\/pages\/32\/revisions"}],"predecessor-version":[{"id":7635,"href":"https:\/\/kallik.is\/en\/wp-json\/wp\/v2\/pages\/32\/revisions\/7635"}],"wp:attachment":[{"href":"https:\/\/kallik.is\/en\/wp-json\/wp\/v2\/media?parent=32"}],"curies":[{"name":"wp","href":"https:\/\/api.w.org\/{rel}","templated":true}]}}